{"id":753,"date":"2020-02-13T09:31:25","date_gmt":"2020-02-13T08:31:25","guid":{"rendered":"https:\/\/el.us.edu.pl\/cko\/?page_id=753"},"modified":"2024-12-17T14:22:32","modified_gmt":"2024-12-17T13:22:32","slug":"o-centrum","status":"publish","type":"page","link":"https:\/\/el.us.edu.pl\/cko\/?page_id=753","title":{"rendered":"O nas"},"content":{"rendered":"<div class=\"about-description\">\n<p>Centrum Kszta\u0142cenia na Odleg\u0142o\u015b\u0107 w Uniwersytecie \u015al\u0105skim stanowi og\u00f3lnouczelnian\u0105 jednostk\u0119 organizacyjn\u0105 Uniwersytetu \u015al\u0105skiego, prowadz\u0105c\u0105 dzia\u0142alno\u015b\u0107 w zakresie kszta\u0142cenia elektronicznego oraz wykorzystania do tego celu technologii internetowych.<\/p>\n<\/div>\n\n\n<div class=\"row m-0 entry-article-top\">\n<h2 class=\"entry-article-top-left\">Zakres dzia\u0142ania<\/h2>\n<\/div>\n\n\n\n<div class=\"row about-row\">\n\t<div class=\"col-sm-10 offset-md-1 col-md-10 offset-md-1 col-lg-6 offset-lg-0\">\n\t\t<article class=\"about-single\">\n\t\t\t<div class=\"d-flex\">\n\t\t\t\t<div class=\"about-single-left\">\n\t\t\t\t\t<em class=\"fa fa-question fa-4x\"><\/em>\n\t\t\t\t<\/div>\n\t\t\t\t<div class=\"about-single-right\">\n\t\t\t\t\t<span>Pomoc w tworzeniu i konfiguracji platformy e-nauczania udost\u0119pnionej dla jednostek Uniwersytetu \u015al\u0105skiego oraz szkolenia i konsultacje zwi\u0105zane z jej obs\u0142ug\u0105<\/span>\n\t\t\t\t<\/div>\n\t\t\t<\/div>\n\t\t<\/article>\n\t<\/div>\n\t<div class=\"col-sm-10 offset-md-1 col-md-10 offset-md-1 col-lg-6 offset-lg-0\">\n\t\t<article class=\"about-single\">\n\t\t\t<div class=\"d-flex\">\n\t\t\t\t<div class=\"about-single-left\">\n\t\t\t\t\t<em class=\"fa fa-database fa-4x\"><\/em>\n\t\t\t\t<\/div>\n\t\t\t\t<div class=\"about-single-right\">\n\t\t\t\t\t<span>Tworzenie infrastruktury informatycznej dla Systemu Kszta\u0142cenia na Odleg\u0142o\u015b\u0107<\/span>\n\t\t\t\t<\/div>\n\t\t\t<\/div>\n\t\t<\/article>\n\t<\/div>\n\t<div class=\"col-sm-10 offset-md-1 col-md-10 offset-md-1 col-lg-6 offset-lg-0\">\n\t\t<article class=\"about-single\">\n\t\t\t<div class=\"d-flex\">\n\t\t\t\t<div class=\"about-single-left\">\n\t\t\t\t\t<em class=\"fa fa-server fa-4x\"><\/em>\n\t\t\t\t<\/div>\n\t\t\t\t<div class=\"about-single-right\">\n\t\t\t\t\t<span>Administracja i konserwacja serwer\u00f3w<\/span>\n\t\t\t\t<\/div>\n\t\t\t<\/div>\n\t\t<\/article>\n\t<\/div>\n\t<div class=\"col-sm-10 offset-md-1 col-md-10 offset-md-1 col-lg-6 offset-lg-0\">\n\t\t<article class=\"about-single\">\n\t\t\t<div class=\"d-flex\">\n\t\t\t\t<div class=\"about-single-left\">\n\t\t\t\t\t<em class=\"fa fa-share-square-o fa-4x\"><\/em>\n\t\t\t\t<\/div>\n\t\t\t\t<div class=\"about-single-right\">\n\t\t\t\t\t<span>Udost\u0119pnianie jednostkom Uniwersytetu \u015al\u0105skiego zasob\u00f3w Systemu Kszta\u0142cenia na Odleg\u0142o\u015b\u0107<\/span>\n\t\t\t\t<\/div>\n\t\t\t<\/div>\n\t\t<\/article>\n\t<\/div>\n\t<div class=\"col-sm-10 offset-md-1 col-md-10 offset-md-1 col-lg-6 offset-lg-0\">\n\t\t<article class=\"about-single\">\n\t\t\t<div class=\"d-flex\">\n\t\t\t\t<div class=\"about-single-left\">\n\t\t\t\t\t<em class=\"fa fa-desktop fa-4x\"><\/em>\n\t\t\t\t<\/div>\n\t\t\t\t<div class=\"about-single-right\">\n\t\t\t\t\t<span>Udzia\u0142 w opracowaniach oraz uruchamianiu i realizacji kurs\u00f3w doskonal\u0105cych w pracowniach kszta\u0142cenia elektronicznego<\/span>\n\t\t\t\t<\/div>\n\t\t\t<\/div>\n\t\t<\/article>\n\t<\/div>\n\t<div class=\"col-sm-10 offset-md-1 col-md-10 offset-md-1 col-lg-6 offset-lg-0\">\n\t\t<article class=\"about-single\">\n\t\t\t<div class=\"d-flex\">\n\t\t\t\t<div class=\"about-single-left\">\n\t\t\t\t\t<em class=\"fa fa-info fa-4x\"><\/em>\n\t\t\t\t<\/div>\n\t\t\t\t<div class=\"about-single-right\">\n\t\t\t\t\t<span>Konsultacje technologiczne w organizacji pracy o\u015brodk\u00f3w kszta\u0142cenia za po\u015brednictwem Internetu<\/span>\n\t\t\t\t<\/div>\n\t\t\t<\/div>\n\t\t<\/article>\n\t<\/div>\n\t<div class=\"col-sm-10 offset-md-1 col-md-10 offset-md-1 col-lg-6 offset-lg-0\">\n\t\t<article class=\"about-single\">\n\t\t\t<div class=\"d-flex\">\n\t\t\t\t<div class=\"about-single-left\">\n\t\t\t\t\t<em class=\"fa fa-users fa-4x\"><\/em>\n\t\t\t\t<\/div>\n\t\t\t\t<div class=\"about-single-right\">\n\t\t\t\t\t<span>Organizacj\u0119 konferencji oraz warsztat\u00f3w i szkole\u0144 dla u\u017cytkownik\u00f3w i projektant\u00f3w Systemu Kszta\u0142cenia na Odleg\u0142o\u015b\u0107<\/span>\n\t\t\t\t<\/div>\n\t\t\t<\/div>\n\t\t<\/article>\n\t<\/div>\n\t<div class=\"col-sm-10 offset-md-1 col-md-10 offset-md-1 col-lg-6 offset-lg-0\">\n\t\t<article class=\"about-single\">\n\t\t\t<div class=\"d-flex\">\n\t\t\t\t<div class=\"about-single-left\">\n\t\t\t\t\t<em class=\"fa fa-map-marker fa-4x\"><\/em>\n\t\t\t\t<\/div>\n\t\t\t\t<div class=\"about-single-right\">\n\t\t\t\t\t<span>Udzia\u0142 w pracach regionalnych o\u015brodk\u00f3w Spo\u0142ecze\u0144stwa Informacyjnego oraz w pracach mi\u0119dzyuczelnianych jednostek rozwoju Systemu Kszta\u0142cenia na Odleg\u0142o\u015b\u0107<\/span>\n\t\t\t\t<\/div>\n\t\t\t<\/div>\n\t\t<\/article>\n\t<\/div>\n\t<div class=\"col-sm-10 offset-md-1 col-md-10 offset-md-1 col-lg-6 offset-lg-0\">\n\t\t<article class=\"about-single\">\n\t\t\t<div class=\"d-flex\">\n\t\t\t\t<div class=\"about-single-left\">\n\t\t\t\t\t<em class=\"fa fa-exchange fa-4x\"><\/em>\n\t\t\t\t<\/div>\n\t\t\t\t<div class=\"about-single-right\">\n\t\t\t\t\t<span>Udzia\u0142 w realizacji projekt\u00f3w koncepcyjnych i wdro\u017ceniowych w ramach wsp\u00f3\u0142pracy z innymi jednostkami<\/span>\n\t\t\t\t<\/div>\n\t\t\t<\/div>\n\t\t<\/article>\n\t<\/div>\n<\/div>\n\n\n\n<div class=\"row m-0 entry-article-top\">\n<h2 class=\"entry-article-top-left\">Rada Centrum<\/h2>\n<\/div>\n\n\n\n<div class=\"about-council\">\n<ul>\n<li>Prorektor ds. kszta\u0142cenia i student\u00f3w&nbsp; &#8211; <a href=\"https:\/\/ab.us.edu.pl\/emp?id=28662\" target=\"_blank\" rel=\"noopener noreferrer\">dr Katarzyna Trynda<span style=\"color: #000000;\">,<\/span><\/a><\/li>\n<li>Kierownik Centrum &#8211; <a href=\"https:\/\/ab.us.edu.pl\/emp\/20552\" target=\"_blank\" rel=\"noopener noreferrer\">mgr Pawe\u0142 Pawe\u0142czyk<\/a>,<\/li>\n<li>Dyrektor ds. Informatyzacji &#8211; <a href=\"https:\/\/ab.us.edu.pl\/emp?id=PE4186\" target=\"_blank\" rel=\"noopener noreferrer\">mgr Marcin Serweci\u0144ski<\/a>.<\/li>\n<\/ul>\n<\/div>\n\n\n\n<div class=\"row m-0 entry-article-top\">\n<h2 class=\"entry-article-top-left\">Pe\u0142nomocnicy Wydzia\u0142owi ds. Kszta\u0142cenia na Odleg\u0142o\u015b\u0107<\/h2>\n<\/div>\n\n\n\n<div class=\"about-council\">\n<ul>\n<li><a href=\"https:\/\/ab.us.edu.pl\/emp?id=8272\">dr Joanna Mercik<\/a> (<a href=\"mailto:joanna.mercik@us.edu.pl\">joanna.mercik@us.edu.pl<\/a>) &#8211; Wydzia\u0142 Humanistyczny,<\/li>\n<li><a href=\"https:\/\/ab.us.edu.pl\/emp?id=7542\">dr Izabela Gre\u0144<\/a> (<a href=\"mailto:izabela.gren@us.edu.pl\">izabela.gren@us.edu.pl<\/a>) &#8211; Wydzia\u0142 Nauk Przyrodniczych &#8211; Katowice,<\/li>\n<li><a href=\"https:\/\/ab.us.edu.pl\/emp?id=22672\">dr hab. S\u0142awomir Pytel, prof. U\u015a<\/a> (<a href=\"mailto:slawomir.pytel@us.edu.pl\">slawomir.pytel@us.edu.pl<\/a>) &#8211; Wydzia\u0142 Nauk Przyrodniczych &#8211; Sosnowiec,<\/li>\n<li><a href=\"https:\/\/ab.us.edu.pl\/emp?id=5932\">dr Monika Frania, prof. U\u015a<\/a> (<a href=\"mailto:monika.frania@us.edu.pl\">monika.frania@us.edu.pl<\/a>) &#8211; Wydzia\u0142 Nauk Spo\u0142ecznych,<\/li>\n<li><a href=\"https:\/\/ab.us.edu.pl\/emp?id=24662\">dr in\u017c. Roman Simi\u0144ski<\/a> (<a href=\"mailto:roman.siminski@us.edu.pl\">roman.siminski@us.edu.pl<\/a>) &#8211; Wydzia\u0142 Nauk \u015acis\u0142ych i Technicznych,<\/li>\n<li><a href=\"https:\/\/ab.us.edu.pl\/emp?id=54553\">dr Dawid Gregorczyk<\/a> (<a href=\"mailto:dawid.gregorczyk@us.edu.pl\">dawid.gregorczyk@us.edu.pl<\/a>) &#8211; Wydzia\u0142 Prawa i Administracji,<\/li>\n<li><a href=\"https:\/\/ab.us.edu.pl\/emp?id=37701\">dr Tomasz Kopczy\u0144ski, prof. U\u015a<\/a> (<a href=\"mailto:tomasz.kopczynski@us.edu.pl\">tomasz.kopczynski@us.edu.pl<\/a>) &#8211; Wydzia\u0142 Sztuki i Nauk o Edukacji,<\/li>\n<li><a href=\"https:\/\/ab.us.edu.pl\/emp?id=35031\">ks. dr Maciej Basiuk<\/a> (<a href=\"mailto:maciej.basiuk@us.edu.pl\">maciej.basiuk@us.edu.pl<\/a>) &#8211; Wydzia\u0142 Teologiczny,<\/li>\n<li><a href=\"https:\/\/ab.us.edu.pl\/emp?id=63573\">mgr Magdalena Krz\u0105ka\u0142a-R\u00f3zsa<\/a> (<a href=\"mailto:magdalena.krzakala-rozsa@us.edu.pl\">magdalena.krzakala-rozsa@us.edu.pl<\/a>) &#8211; Szko\u0142a Filmowa im. Krzysztofa Kie\u015blowskiego.<\/li>\n<\/ul>\n<\/div>\n","protected":false},"excerpt":{"rendered":"<p>Centrum Kszta\u0142cenia na Odleg\u0142o\u015b\u0107 w Uniwersytecie \u015al\u0105skim stanowi og\u00f3lnouczelnian\u0105 jednostk\u0119 organizacyjn\u0105 Uniwersytetu \u015al\u0105skiego, prowadz\u0105c\u0105 dzia\u0142alno\u015b\u0107 w zakresie kszta\u0142cenia elektronicznego oraz wykorzystania do tego celu technologii internetowych. Zakres dzia\u0142ania Pomoc w tworzeniu i konfiguracji platformy e-nauczania udost\u0119pnionej dla jednostek Uniwersytetu \u015al\u0105skiego oraz szkolenia i konsultacje zwi\u0105zane z jej obs\u0142ug\u0105 Tworzenie infrastruktury informatycznej dla Systemu Kszta\u0142cenia na [&#8230;]<\/p>\n<p><a class=\"btn btn-secondary understrap-read-more-link\" href=\"https:\/\/el.us.edu.pl\/cko\/?page_id=753\">Czytaj dalej\u2026<span class=\"screen-reader-text\"> from O nas<\/span><\/a><\/p>\n","protected":false},"author":4,"featured_media":0,"parent":0,"menu_order":0,"comment_status":"closed","ping_status":"closed","template":"","meta":{"footnotes":""},"class_list":["post-753","page","type-page","status-publish","hentry"],"aioseo_notices":[],"_links":{"self":[{"href":"https:\/\/el.us.edu.pl\/cko\/index.php?rest_route=\/wp\/v2\/pages\/753","targetHints":{"allow":["GET"]}}],"collection":[{"href":"https:\/\/el.us.edu.pl\/cko\/index.php?rest_route=\/wp\/v2\/pages"}],"about":[{"href":"https:\/\/el.us.edu.pl\/cko\/index.php?rest_route=\/wp\/v2\/types\/page"}],"author":[{"embeddable":true,"href":"https:\/\/el.us.edu.pl\/cko\/index.php?rest_route=\/wp\/v2\/users\/4"}],"replies":[{"embeddable":true,"href":"https:\/\/el.us.edu.pl\/cko\/index.php?rest_route=%2Fwp%2Fv2%2Fcomments&post=753"}],"version-history":[{"count":73,"href":"https:\/\/el.us.edu.pl\/cko\/index.php?rest_route=\/wp\/v2\/pages\/753\/revisions"}],"predecessor-version":[{"id":2069,"href":"https:\/\/el.us.edu.pl\/cko\/index.php?rest_route=\/wp\/v2\/pages\/753\/revisions\/2069"}],"wp:attachment":[{"href":"https:\/\/el.us.edu.pl\/cko\/index.php?rest_route=%2Fwp%2Fv2%2Fmedia&parent=753"}],"curies":[{"name":"wp","href":"https:\/\/api.w.org\/{rel}","templated":true}]}}